{"id":53,"date":"2020-11-03T07:54:58","date_gmt":"2020-11-03T07:54:58","guid":{"rendered":"http:\/\/localhost:8888\/wordpress\/?page_id=53"},"modified":"2023-08-07T12:34:23","modified_gmt":"2023-08-07T12:34:23","slug":"psychotherapie","status":"publish","type":"page","link":"http:\/\/www.psychotherapie-strobl.at\/?page_id=53","title":{"rendered":"02-Psychotherapie"},"content":{"rendered":"\t\t<div data-elementor-type=\"wp-page\" data-elementor-id=\"53\" class=\"elementor elementor-53\">\n\t\t\t\t\t\t<section class=\"elementor-section elementor-top-section elementor-element elementor-element-2c7b9c6 elementor-section-full_width elementor-hidden-mobile elementor-hidden-tablet elementor-section-height-default elementor-section-height-default wpr-particle-no wpr-jarallax-no wpr-parallax-no wpr-sticky-section-no\" data-id=\"2c7b9c6\" data-element_type=\"section\" data-e-type=\"section\">\n\t\t\t\t\t\t<div class=\"elementor-container elementor-column-gap-default\">\n\t\t\t\t\t<div class=\"elementor-column elementor-col-100 elementor-top-column elementor-element elementor-element-e2a6716\" data-id=\"e2a6716\" data-element_type=\"column\" data-e-type=\"column\">\n\t\t\t<div class=\"elementor-widget-wrap elementor-element-populated\">\n\t\t\t\t\t\t<div class=\"elementor-element elementor-element-87402a9 elementor-widget elementor-widget-image\" data-id=\"87402a9\" data-element_type=\"widget\" data-e-type=\"widget\" data-widget_type=\"image.default\">\n\t\t\t\t<div class=\"elementor-widget-container\">\n\t\t\t\t\t\t\t\t\t\t\t\t\t\t\t<img decoding=\"async\" src=\"https:\/\/www.psychotherapie-strobl.at\/wp-content\/uploads\/2023\/08\/DSC01494-3.jpg\" title=\"DSC01494-3\" alt=\"DSC01494-3\" loading=\"lazy\" \/>\t\t\t\t\t\t\t\t\t\t\t\t\t\t\t<\/div>\n\t\t\t\t<\/div>\n\t\t\t\t\t<\/div>\n\t\t<\/div>\n\t\t\t\t\t<\/div>\n\t\t<\/section>\n\t\t\t\t<section class=\"elementor-section elementor-top-section elementor-element elementor-element-ab4ed67 elementor-section-full_width elementor-hidden-desktop elementor-hidden-tablet elementor-section-height-default elementor-section-height-default wpr-particle-no wpr-jarallax-no wpr-parallax-no wpr-sticky-section-no\" data-id=\"ab4ed67\" data-element_type=\"section\" data-e-type=\"section\">\n\t\t\t\t\t\t<div class=\"elementor-container elementor-column-gap-default\">\n\t\t\t\t\t<div class=\"elementor-column elementor-col-100 elementor-top-column elementor-element elementor-element-1ef3acc\" data-id=\"1ef3acc\" data-element_type=\"column\" data-e-type=\"column\">\n\t\t\t<div class=\"elementor-widget-wrap\">\n\t\t\t\t\t\t\t<\/div>\n\t\t<\/div>\n\t\t\t\t\t<\/div>\n\t\t<\/section>\n\t\t\t\t<section class=\"elementor-section elementor-top-section elementor-element elementor-element-3974716 elementor-hidden-desktop elementor-section-boxed elementor-section-height-default elementor-section-height-default wpr-particle-no wpr-jarallax-no wpr-parallax-no wpr-sticky-section-no\" data-id=\"3974716\" data-element_type=\"section\" data-e-type=\"section\">\n\t\t\t\t\t\t<div class=\"elementor-container elementor-column-gap-default\">\n\t\t\t\t\t<div class=\"elementor-column elementor-col-100 elementor-top-column elementor-element elementor-element-4f147a3\" data-id=\"4f147a3\" data-element_type=\"column\" data-e-type=\"column\">\n\t\t\t<div class=\"elementor-widget-wrap elementor-element-populated\">\n\t\t\t\t\t\t<div class=\"elementor-element elementor-element-db7aac6 elementor-widget elementor-widget-image\" data-id=\"db7aac6\" data-element_type=\"widget\" data-e-type=\"widget\" data-widget_type=\"image.default\">\n\t\t\t\t<div class=\"elementor-widget-container\">\n\t\t\t\t\t\t\t\t\t\t\t\t\t\t\t<img decoding=\"async\" src=\"https:\/\/www.psychotherapie-strobl.at\/wp-content\/uploads\/2023\/08\/DSC01494-3.jpg\" title=\"DSC01494-3\" alt=\"DSC01494-3\" loading=\"lazy\" \/>\t\t\t\t\t\t\t\t\t\t\t\t\t\t\t<\/div>\n\t\t\t\t<\/div>\n\t\t\t\t<div class=\"elementor-element elementor-element-c59f08a elementor-widget elementor-widget-spacer\" data-id=\"c59f08a\" data-element_type=\"widget\" data-e-type=\"widget\" data-widget_type=\"spacer.default\">\n\t\t\t\t<div class=\"elementor-widget-container\">\n\t\t\t\t\t\t\t<div class=\"elementor-spacer\">\n\t\t\t<div class=\"elementor-spacer-inner\"><\/div>\n\t\t<\/div>\n\t\t\t\t\t\t<\/div>\n\t\t\t\t<\/div>\n\t\t\t\t\t<\/div>\n\t\t<\/div>\n\t\t\t\t\t<\/div>\n\t\t<\/section>\n\t\t\t\t<section class=\"elementor-section elementor-top-section elementor-element elementor-element-fee508d elementor-section-boxed elementor-section-height-default elementor-section-height-default wpr-particle-no wpr-jarallax-no wpr-parallax-no wpr-sticky-section-no\" data-id=\"fee508d\" data-element_type=\"section\" data-e-type=\"section\">\n\t\t\t\t\t\t<div class=\"elementor-container elementor-column-gap-default\">\n\t\t\t\t\t<div class=\"elementor-column elementor-col-100 elementor-top-column elementor-element elementor-element-4074bbc\" data-id=\"4074bbc\" data-element_type=\"column\" data-e-type=\"column\">\n\t\t\t<div class=\"elementor-widget-wrap elementor-element-populated\">\n\t\t\t\t\t\t<div class=\"elementor-element elementor-element-274e68e elementor-widget elementor-widget-heading\" data-id=\"274e68e\" data-element_type=\"widget\" data-e-type=\"widget\" data-widget_type=\"heading.default\">\n\t\t\t\t<div class=\"elementor-widget-container\">\n\t\t\t\t\t<h2 class=\"elementor-heading-title elementor-size-default\">Psychotherapie<\/h2>\t\t\t\t<\/div>\n\t\t\t\t<\/div>\n\t\t\t\t\t<\/div>\n\t\t<\/div>\n\t\t\t\t\t<\/div>\n\t\t<\/section>\n\t\t\t\t<section class=\"elementor-section elementor-top-section elementor-element elementor-element-d9bb379 elementor-section-boxed elementor-section-height-default elementor-section-height-default wpr-particle-no wpr-jarallax-no wpr-parallax-no wpr-sticky-section-no\" data-id=\"d9bb379\" data-element_type=\"section\" data-e-type=\"section\">\n\t\t\t\t\t\t<div class=\"elementor-container elementor-column-gap-default\">\n\t\t\t\t\t<div class=\"elementor-column elementor-col-100 elementor-top-column elementor-element elementor-element-88909ce\" data-id=\"88909ce\" data-element_type=\"column\" data-e-type=\"column\">\n\t\t\t<div class=\"elementor-widget-wrap elementor-element-populated\">\n\t\t\t\t\t\t<div class=\"elementor-element elementor-element-6258e8b elementor-widget elementor-widget-text-editor\" data-id=\"6258e8b\" data-element_type=\"widget\" data-e-type=\"widget\" data-widget_type=\"text-editor.default\">\n\t\t\t\t<div class=\"elementor-widget-container\">\n\t\t\t\t\t\t\t\t\t<p><span style=\"font-weight: 400;\">Durch die Begegnung im psychotherapeutischen Kontext k\u00f6nnen Bedingungen geschaffen werden, die Wachstum, Selbstregulation und Ver\u00e4nderung und auch Wege aus einer Krise\/ belastenden Situation erm\u00f6glichen.<\/span><\/p><p><span style=\"font-weight: 400;\">\u00a0<\/span><\/p><p><span style=\"font-weight: 400;\">In einem Erstgespr\u00e4ch lade ich Sie ein, nachzusp\u00fcren, ob Sie sich bei mir gut aufgehoben f\u00fchlen. Fragen Sie sich, ob Sie mir auch Ihre Sorgen anvertrauen wollen, besonders jene, \u00fcber die es Ihnen schwer f\u00e4llt, mit anderen Menschen zu sprechen.<\/span><\/p>\t\t\t\t\t\t\t\t<\/div>\n\t\t\t\t<\/div>\n\t\t\t\t\t<\/div>\n\t\t<\/div>\n\t\t\t\t\t<\/div>\n\t\t<\/section>\n\t\t\t\t<section class=\"elementor-section elementor-top-section elementor-element elementor-element-add0e66 elementor-section-boxed elementor-section-height-default elementor-section-height-default wpr-particle-no wpr-jarallax-no wpr-parallax-no wpr-sticky-section-no\" data-id=\"add0e66\" data-element_type=\"section\" data-e-type=\"section\">\n\t\t\t\t\t\t<div class=\"elementor-container elementor-column-gap-default\">\n\t\t\t\t\t<div class=\"elementor-column elementor-col-100 elementor-top-column elementor-element elementor-element-eecaa9e\" data-id=\"eecaa9e\" data-element_type=\"column\" data-e-type=\"column\">\n\t\t\t<div class=\"elementor-widget-wrap elementor-element-populated\">\n\t\t\t\t\t\t<div class=\"elementor-element elementor-element-c51127b elementor-widget elementor-widget-spacer\" data-id=\"c51127b\" data-element_type=\"widget\" data-e-type=\"widget\" data-widget_type=\"spacer.default\">\n\t\t\t\t<div class=\"elementor-widget-container\">\n\t\t\t\t\t\t\t<div class=\"elementor-spacer\">\n\t\t\t<div class=\"elementor-spacer-inner\"><\/div>\n\t\t<\/div>\n\t\t\t\t\t\t<\/div>\n\t\t\t\t<\/div>\n\t\t\t\t\t<\/div>\n\t\t<\/div>\n\t\t\t\t\t<\/div>\n\t\t<\/section>\n\t\t\t\t<section class=\"elementor-section elementor-top-section elementor-element elementor-element-90516e9 elementor-section-boxed elementor-section-height-default elementor-section-height-default wpr-particle-no wpr-jarallax-no wpr-parallax-no wpr-sticky-section-no\" data-id=\"90516e9\" data-element_type=\"section\" data-e-type=\"section\">\n\t\t\t\t\t\t<div class=\"elementor-container elementor-column-gap-default\">\n\t\t\t\t\t<div class=\"elementor-column elementor-col-100 elementor-top-column elementor-element elementor-element-1890e40\" data-id=\"1890e40\" data-element_type=\"column\" data-e-type=\"column\">\n\t\t\t<div class=\"elementor-widget-wrap elementor-element-populated\">\n\t\t\t\t\t\t<div class=\"elementor-element elementor-element-4059a65 elementor-widget elementor-widget-accordion\" data-id=\"4059a65\" data-element_type=\"widget\" data-e-type=\"widget\" data-widget_type=\"accordion.default\">\n\t\t\t\t<div class=\"elementor-widget-container\">\n\t\t\t\t\t\t\t<div class=\"elementor-accordion\">\n\t\t\t\t\t\t\t<div class=\"elementor-accordion-item\">\n\t\t\t\t\t<h3 id=\"elementor-tab-title-6741\" class=\"elementor-tab-title\" data-tab=\"1\" role=\"button\" aria-controls=\"elementor-tab-content-6741\" aria-expanded=\"false\">\n\t\t\t\t\t\t\t\t\t\t\t\t<a class=\"elementor-accordion-title\" tabindex=\"0\">Psychotherapie f\u00fcr Erwachsene<\/a>\n\t\t\t\t\t<\/h3>\n\t\t\t\t\t<div id=\"elementor-tab-content-6741\" class=\"elementor-tab-content elementor-clearfix\" data-tab=\"1\" role=\"region\" aria-labelledby=\"elementor-tab-title-6741\"><p>I<b>n der Psychotherapie begleite ich Sie gerne u.a. bei\u2026<\/b><\/p><ul><li>belastenden Lebenssituationen<\/li><li>akuten Krisen<\/li><li>Stress, \u00dcberforderung, Burnout<\/li><li>\u00c4ngsten, Panikattacken<\/li><li>psychosomatischen Erkrankungen<\/li><li>Depression, Antriebslosigkeit und sozialem R\u00fcckzug<\/li><li>belastenden Erlebnisse aus der Vergangenheit\u00a0<\/li><li>Einsamkeit<\/li><li>Schlafst\u00f6rung<\/li><li>Trauma \u2013 Belastungsst\u00f6rung<\/li><li>frauenspezifischen Themen<\/li><li>Trauer &#8211; Abschied<\/li><\/ul><\/div>\n\t\t\t\t<\/div>\n\t\t\t\t\t\t\t<div class=\"elementor-accordion-item\">\n\t\t\t\t\t<h3 id=\"elementor-tab-title-6742\" class=\"elementor-tab-title\" data-tab=\"2\" role=\"button\" aria-controls=\"elementor-tab-content-6742\" aria-expanded=\"false\">\n\t\t\t\t\t\t\t\t\t\t\t\t<a class=\"elementor-accordion-title\" tabindex=\"0\">Psychotherapie f\u00fcr Jugendliche\u200b<\/a>\n\t\t\t\t\t<\/h3>\n\t\t\t\t\t<div id=\"elementor-tab-content-6742\" class=\"elementor-tab-content elementor-clearfix\" data-tab=\"2\" role=\"region\" aria-labelledby=\"elementor-tab-title-6742\"><p><span style=\"font-weight: 400;\">Im Jugendalter<\/span><span style=\"font-weight: 400;\"> erlebst <\/span><span style=\"font-weight: 400;\">Du viele Phasen der Ver\u00e4nderung, k\u00f6rperlich sowie seelisch, mit denen Du zurechtkommen musst. Zus\u00e4tzlich ist es oft nicht leicht den Anforderungen Deines Umfeldes (Schule, Familie, Freunde) gerecht zu werden. Leistungsdruck, \u00dcberforderung, Stress, Selbstwertzweifel, Suche nach der eigenen Identit\u00e4t, etc. sind nur einige Themen, mit denen Du Dich wom\u00f6glich auseinandersetzt.<\/span><\/p><p>\u00a0<\/p><p>\u00a0<\/p><p><b>In der Psychotherapie begleite ich Dich in belastenden Lebenssituationen u.a.\u00a0<\/b><\/p><ul><li><span style=\"color: var( --e-global-color-text ); font-family: var( --e-global-typography-text-font-family ), Sans-serif; font-size: var(--global--font-size-base);\">in akuten Krisen<\/span><\/li><li><span style=\"color: var( --e-global-color-text ); font-family: var( --e-global-typography-text-font-family ), Sans-serif; font-size: var(--global--font-size-base);\">bei Konflikten mit Gleichaltrigen und\/oder mit Deinen Eltern<\/span><\/li><li><span style=\"color: var( --e-global-color-text ); font-family: var( --e-global-typography-text-font-family ), Sans-serif; font-size: var(--global--font-size-base);\">bei Trennung der Eltern<\/span><\/li><li><span style=\"color: var( --e-global-color-text ); font-family: var( --e-global-typography-text-font-family ), Sans-serif; font-size: var(--global--font-size-base);\">wenn Du Gewalterfahrungen gemacht hast\u00a0<\/span><\/li><li><span style=\"color: var( --e-global-color-text ); font-family: var( --e-global-typography-text-font-family ), Sans-serif; font-size: var(--global--font-size-base);\">wenn Du gemobbt wirst oder das Gef\u00fchl hast isoliert und ausgesto\u00dfen zu sein\u00a0<\/span><\/li><li><span style=\"color: var( --e-global-color-text ); font-family: var( --e-global-typography-text-font-family ), Sans-serif; font-size: var(--global--font-size-base);\">bei Schulschwierigkeiten und Schulverweigerung<\/span><\/li><li><span style=\"color: var( --e-global-color-text ); font-family: var( --e-global-typography-text-font-family ), Sans-serif; font-size: var(--global--font-size-base);\">bei Versagens\u00e4ngsten<\/span><\/li><li><span style=\"color: var( --e-global-color-text ); font-family: var( --e-global-typography-text-font-family ), Sans-serif; font-size: var(--global--font-size-base);\">bei \u00c4ngsten, Panikattacken<\/span><\/li><li><span style=\"color: var( --e-global-color-text ); font-family: var( --e-global-typography-text-font-family ), Sans-serif; font-size: var(--global--font-size-base);\">bei psychosomatischen Erkrankungen<\/span><\/li><li><span style=\"color: var( --e-global-color-text ); font-family: var( --e-global-typography-text-font-family ), Sans-serif; font-size: var(--global--font-size-base);\">bei Lustlosigkeit und sozialem R\u00fcckzug<\/span><\/li><li><span style=\"color: var( --e-global-color-text ); font-family: var( --e-global-typography-text-font-family ), Sans-serif; font-size: var(--global--font-size-base);\">wenn Du das Gef\u00fchl hast keinen Sinn im Leben zu erkennen<\/span><\/li><li><span style=\"color: var( --e-global-color-text ); font-family: var( --e-global-typography-text-font-family ), Sans-serif; font-size: var(--global--font-size-base);\">wenn Du Dich durch Erlebnisse aus der Vergangenheit belastet f\u00fchlst<\/span><\/li><li><span style=\"color: var( --e-global-color-text ); font-family: var( --e-global-typography-text-font-family ), Sans-serif; font-size: var(--global--font-size-base);\">wenn Du Dich einsam f\u00fchlst<\/span><\/li><li><span style=\"color: var( --e-global-color-text ); font-family: var( --e-global-typography-text-font-family ), Sans-serif; font-size: var(--global--font-size-base);\">bei Sch\u00fcchternheit<\/span><\/li><li><span style=\"color: var( --e-global-color-text ); font-family: var( --e-global-typography-text-font-family ), Sans-serif; font-size: var(--global--font-size-base);\">bei Zweifel am Selbstwert<\/span><\/li><li><span style=\"color: var( --e-global-color-text ); font-family: var( --e-global-typography-text-font-family ), Sans-serif; font-size: var(--global--font-size-base);\">bei Aggressivit\u00e4t<\/span><\/li><li><span style=\"color: var( --e-global-color-text ); font-family: var( --e-global-typography-text-font-family ), Sans-serif; font-size: var(--global--font-size-base);\">bei Schlafst\u00f6rung<\/span><\/li><li><span style=\"color: var( --e-global-color-text ); font-family: var( --e-global-typography-text-font-family ), Sans-serif; font-size: var(--global--font-size-base);\">bei Trauma &#8211; Belastungsst\u00f6rung<\/span><\/li><li><span style=\"color: var( --e-global-color-text ); font-family: var( --e-global-typography-text-font-family ), Sans-serif; font-size: var(--global--font-size-base);\">bei Trauer &#8211; Abschied<\/span><\/li><\/ul><p><br style=\"font-weight: 400;\" \/><br style=\"font-weight: 400;\" \/><\/p><\/div>\n\t\t\t\t<\/div>\n\t\t\t\t\t\t\t<div class=\"elementor-accordion-item\">\n\t\t\t\t\t<h3 id=\"elementor-tab-title-6743\" class=\"elementor-tab-title\" data-tab=\"3\" role=\"button\" aria-controls=\"elementor-tab-content-6743\" aria-expanded=\"false\">\n\t\t\t\t\t\t\t\t\t\t\t\t<a class=\"elementor-accordion-title\" tabindex=\"0\">Psychotherapie f\u00fcr Kinder\u200b<\/a>\n\t\t\t\t\t<\/h3>\n\t\t\t\t\t<div id=\"elementor-tab-content-6743\" class=\"elementor-tab-content elementor-clearfix\" data-tab=\"3\" role=\"region\" aria-labelledby=\"elementor-tab-title-6743\"><p><span style=\"font-weight: 400;\">Je <\/span><span style=\"font-weight: 400;\">nachdem<\/span><span style=\"font-weight: 400;\">, wie alt Ihr Kind ist, steht prim\u00e4r das Spiel im Zentrum der Therapiestunde. Ihr Kind kann hier unmittelbar seine \u201einnere Welt\u201c darstellen, Gef\u00fchle zum Ausdruck bringen und Situationen des Alltags, zum Teil in Symbolen dargestellt, <\/span><span style=\"font-weight: 400;\">spielerisch <\/span><span style=\"font-weight: 400;\">ausdr\u00fccken.<\/span><\/p><p><span style=\"font-weight: 400;\">Ihr Kind wird von mir in diesem Prozess begleitet und unterst\u00fctzt. Je nach Alter Ihres Kindes, vor allem <\/span><span style=\"font-weight: 400;\">wenn es \u00e4lter wird (im Jugendalter),<\/span><span style=\"font-weight: 400;\"> wird immer mehr das Gespr\u00e4ch, unter Einbeziehung kreativer Medien und Rollenspiel, im Zentrum stehen.<\/span><\/p><p><span style=\"font-weight: 400;\">Ein wesentlicher Teil der Psychotherapie mit Ihrem Kind sind regelm\u00e4\u00dfige Gespr\u00e4che mit Ihnen als Eltern. Ihre Bereitschaft dazu ist von gro\u00dfer Bedeutung und somit als unverzichtbarer Teil der erfolgreichen Psychotherapie mit Ihrem Kind zu sehen.<\/span><\/p><\/div>\n\t\t\t\t<\/div>\n\t\t\t\t\t\t\t\t<\/div>\n\t\t\t\t\t\t<\/div>\n\t\t\t\t<\/div>\n\t\t\t\t\t<\/div>\n\t\t<\/div>\n\t\t\t\t\t<\/div>\n\t\t<\/section>\n\t\t\t\t<section class=\"elementor-section elementor-top-section elementor-element elementor-element-b9809a2 elementor-section-boxed elementor-section-height-default elementor-section-height-default wpr-particle-no wpr-jarallax-no wpr-parallax-no wpr-sticky-section-no\" data-id=\"b9809a2\" data-element_type=\"section\" data-e-type=\"section\">\n\t\t\t\t\t\t<div class=\"elementor-container elementor-column-gap-default\">\n\t\t\t\t\t<div class=\"elementor-column elementor-col-100 elementor-top-column elementor-element elementor-element-131e2f6\" data-id=\"131e2f6\" data-element_type=\"column\" data-e-type=\"column\">\n\t\t\t<div class=\"elementor-widget-wrap elementor-element-populated\">\n\t\t\t\t\t\t<div class=\"elementor-element elementor-element-fbd8391 elementor-widget elementor-widget-spacer\" data-id=\"fbd8391\" data-element_type=\"widget\" data-e-type=\"widget\" data-widget_type=\"spacer.default\">\n\t\t\t\t<div class=\"elementor-widget-container\">\n\t\t\t\t\t\t\t<div class=\"elementor-spacer\">\n\t\t\t<div class=\"elementor-spacer-inner\"><\/div>\n\t\t<\/div>\n\t\t\t\t\t\t<\/div>\n\t\t\t\t<\/div>\n\t\t\t\t\t<\/div>\n\t\t<\/div>\n\t\t\t\t\t<\/div>\n\t\t<\/section>\n\t\t\t\t<\/div>\n\t\t","protected":false},"excerpt":{"rendered":"<p>Psychotherapie Durch die Begegnung im psychotherapeutischen Kontext k\u00f6nnen Bedingungen geschaffen werden, die Wachstum, Selbstregulation und Ver\u00e4nderung und auch Wege aus einer Krise\/ belastenden Situation erm\u00f6glichen. \u00a0 In einem Erstgespr\u00e4ch lade ich Sie ein, nachzusp\u00fcren, ob Sie sich bei mir gut aufgehoben f\u00fchlen. Fragen Sie sich, ob Sie mir auch Ihre Sorgen anvertrauen wollen, besonders jene, \u00fcber die es Ihnen schwer f\u00e4llt, mit anderen Menschen zu sprechen. Psychotherapie f\u00fcr Erwachsene In der Psychotherapie begleite ich Sie gerne u.a. bei\u2026 belastenden Lebenssituationen akuten Krisen Stress, \u00dcberforderung, Burnout \u00c4ngsten, Panikattacken psychosomatischen Erkrankungen Depression, Antriebslosigkeit und sozialem R\u00fcckzug belastenden Erlebnisse aus der Vergangenheit\u00a0 Einsamkeit Schlafst\u00f6rung Trauma \u2013 Belastungsst\u00f6rung frauenspezifischen Themen Trauer &#8211; Abschied Psychotherapie f\u00fcr Jugendliche\u200b Im Jugendalter erlebst Du viele Phasen der Ver\u00e4nderung, k\u00f6rperlich sowie seelisch, mit denen Du zurechtkommen musst. Zus\u00e4tzlich ist es oft nicht leicht den Anforderungen Deines Umfeldes (Schule, Familie, Freunde) gerecht zu werden. Leistungsdruck, \u00dcberforderung, Stress, Selbstwertzweifel, Suche nach der eigenen Identit\u00e4t, etc. sind nur einige Themen, mit denen Du Dich wom\u00f6glich auseinandersetzt. \u00a0 \u00a0 In der Psychotherapie begleite ich Dich in belastenden Lebenssituationen u.a.\u00a0 in akuten Krisen bei Konflikten mit Gleichaltrigen und\/oder mit Deinen Eltern bei Trennung der Eltern wenn Du Gewalterfahrungen gemacht hast\u00a0 wenn Du gemobbt wirst oder das Gef\u00fchl hast isoliert und ausgesto\u00dfen zu sein\u00a0 bei Schulschwierigkeiten und Schulverweigerung bei Versagens\u00e4ngsten bei \u00c4ngsten, Panikattacken bei psychosomatischen Erkrankungen bei Lustlosigkeit und sozialem R\u00fcckzug wenn Du das Gef\u00fchl hast keinen Sinn im Leben zu erkennen wenn Du Dich durch Erlebnisse aus der Vergangenheit belastet f\u00fchlst wenn Du Dich einsam f\u00fchlst bei Sch\u00fcchternheit bei Zweifel am Selbstwert bei Aggressivit\u00e4t bei Schlafst\u00f6rung bei Trauma &#8211; Belastungsst\u00f6rung bei Trauer &#8211; Abschied Psychotherapie f\u00fcr Kinder\u200b Je nachdem, wie alt Ihr Kind ist, steht prim\u00e4r das Spiel im Zentrum der Therapiestunde. Ihr Kind kann hier unmittelbar seine \u201einnere Welt\u201c darstellen, Gef\u00fchle zum Ausdruck bringen und Situationen des Alltags, zum Teil in Symbolen dargestellt, spielerisch ausdr\u00fccken. Ihr Kind wird von mir in diesem Prozess begleitet und unterst\u00fctzt. Je nach Alter Ihres Kindes, vor allem wenn es \u00e4lter wird (im Jugendalter), wird immer mehr das Gespr\u00e4ch, unter Einbeziehung kreativer Medien und Rollenspiel, im Zentrum stehen. Ein wesentlicher Teil der Psychotherapie mit Ihrem Kind sind regelm\u00e4\u00dfige Gespr\u00e4che mit Ihnen als Eltern. Ihre Bereitschaft dazu ist von gro\u00dfer Bedeutung und somit als unverzichtbarer Teil der erfolgreichen Psychotherapie mit Ihrem Kind zu sehen.<\/p>\n","protected":false},"author":1,"featured_media":0,"parent":0,"menu_order":0,"comment_status":"closed","ping_status":"closed","template":"elementor_header_footer","meta":{"footnotes":""},"class_list":["post-53","page","type-page","status-publish","hentry","entry"],"_links":{"self":[{"href":"http:\/\/www.psychotherapie-strobl.at\/index.php?rest_route=\/wp\/v2\/pages\/53","targetHints":{"allow":["GET"]}}],"collection":[{"href":"http:\/\/www.psychotherapie-strobl.at\/index.php?rest_route=\/wp\/v2\/pages"}],"about":[{"href":"http:\/\/www.psychotherapie-strobl.at\/index.php?rest_route=\/wp\/v2\/types\/page"}],"author":[{"embeddable":true,"href":"http:\/\/www.psychotherapie-strobl.at\/index.php?rest_route=\/wp\/v2\/users\/1"}],"replies":[{"embeddable":true,"href":"http:\/\/www.psychotherapie-strobl.at\/index.php?rest_route=%2Fwp%2Fv2%2Fcomments&post=53"}],"version-history":[{"count":96,"href":"http:\/\/www.psychotherapie-strobl.at\/index.php?rest_route=\/wp\/v2\/pages\/53\/revisions"}],"predecessor-version":[{"id":2296,"href":"http:\/\/www.psychotherapie-strobl.at\/index.php?rest_route=\/wp\/v2\/pages\/53\/revisions\/2296"}],"wp:attachment":[{"href":"http:\/\/www.psychotherapie-strobl.at\/index.php?rest_route=%2Fwp%2Fv2%2Fmedia&parent=53"}],"curies":[{"name":"wp","href":"https:\/\/api.w.org\/{rel}","templated":true}]}}