{"id":146,"date":"2020-11-04T07:08:45","date_gmt":"2020-11-04T07:08:45","guid":{"rendered":"http:\/\/localhost:8888\/wordpress\/?page_id=146"},"modified":"2023-08-07T09:45:22","modified_gmt":"2023-08-07T09:45:22","slug":"09-datenschutzerklaerung","status":"publish","type":"page","link":"http:\/\/www.psychotherapie-strobl.at\/?page_id=146","title":{"rendered":"09-Datenschutzerkl\u00e4rung"},"content":{"rendered":"\t\t<div data-elementor-type=\"wp-page\" data-elementor-id=\"146\" class=\"elementor elementor-146\">\n\t\t\t\t\t\t<section class=\"elementor-section elementor-top-section elementor-element elementor-element-80d46b7 elementor-section-boxed elementor-section-height-default elementor-section-height-default wpr-particle-no wpr-jarallax-no wpr-parallax-no wpr-sticky-section-no\" data-id=\"80d46b7\" data-element_type=\"section\" data-e-type=\"section\">\n\t\t\t\t\t\t<div class=\"elementor-container elementor-column-gap-default\">\n\t\t\t\t\t<div class=\"elementor-column elementor-col-100 elementor-top-column elementor-element elementor-element-6497c69\" data-id=\"6497c69\" data-element_type=\"column\" data-e-type=\"column\">\n\t\t\t<div class=\"elementor-widget-wrap elementor-element-populated\">\n\t\t\t\t\t\t<div class=\"elementor-element elementor-element-25e6660 elementor-widget elementor-widget-spacer\" data-id=\"25e6660\" data-element_type=\"widget\" data-e-type=\"widget\" data-widget_type=\"spacer.default\">\n\t\t\t\t<div class=\"elementor-widget-container\">\n\t\t\t\t\t\t\t<div class=\"elementor-spacer\">\n\t\t\t<div class=\"elementor-spacer-inner\"><\/div>\n\t\t<\/div>\n\t\t\t\t\t\t<\/div>\n\t\t\t\t<\/div>\n\t\t\t\t\t<\/div>\n\t\t<\/div>\n\t\t\t\t\t<\/div>\n\t\t<\/section>\n\t\t\t\t<section class=\"elementor-section elementor-top-section elementor-element elementor-element-502ea2d elementor-section-boxed elementor-section-height-default elementor-section-height-default wpr-particle-no wpr-jarallax-no wpr-parallax-no wpr-sticky-section-no\" data-id=\"502ea2d\" data-element_type=\"section\" data-e-type=\"section\">\n\t\t\t\t\t\t<div class=\"elementor-container elementor-column-gap-default\">\n\t\t\t\t\t<div class=\"elementor-column elementor-col-33 elementor-top-column elementor-element elementor-element-9f39d38\" data-id=\"9f39d38\" data-element_type=\"column\" data-e-type=\"column\">\n\t\t\t<div class=\"elementor-widget-wrap\">\n\t\t\t\t\t\t\t<\/div>\n\t\t<\/div>\n\t\t\t\t<div class=\"elementor-column elementor-col-33 elementor-top-column elementor-element elementor-element-1f302ce\" data-id=\"1f302ce\" data-element_type=\"column\" data-e-type=\"column\">\n\t\t\t<div class=\"elementor-widget-wrap elementor-element-populated\">\n\t\t\t\t\t\t<div class=\"elementor-element elementor-element-7df8f45 elementor-hidden-mobile elementor-widget elementor-widget-heading\" data-id=\"7df8f45\" data-element_type=\"widget\" data-e-type=\"widget\" data-widget_type=\"heading.default\">\n\t\t\t\t<div class=\"elementor-widget-container\">\n\t\t\t\t\t<h1 class=\"elementor-heading-title elementor-size-default\">Dokumentation und Datenschutzerkl\u00e4rung<\/h1>\t\t\t\t<\/div>\n\t\t\t\t<\/div>\n\t\t\t\t<div class=\"elementor-element elementor-element-add10fc elementor-hidden-desktop elementor-hidden-tablet elementor-widget elementor-widget-heading\" data-id=\"add10fc\" data-element_type=\"widget\" data-e-type=\"widget\" data-widget_type=\"heading.default\">\n\t\t\t\t<div class=\"elementor-widget-container\">\n\t\t\t\t\t<h1 class=\"elementor-heading-title elementor-size-medium\">Dokumentation und Datenschutzerkl\u00e4rung<\/h1>\t\t\t\t<\/div>\n\t\t\t\t<\/div>\n\t\t\t\t\t<\/div>\n\t\t<\/div>\n\t\t\t\t<div class=\"elementor-column elementor-col-33 elementor-top-column elementor-element elementor-element-bf1a84c\" data-id=\"bf1a84c\" data-element_type=\"column\" data-e-type=\"column\">\n\t\t\t<div class=\"elementor-widget-wrap\">\n\t\t\t\t\t\t\t<\/div>\n\t\t<\/div>\n\t\t\t\t\t<\/div>\n\t\t<\/section>\n\t\t\t\t<section class=\"elementor-section elementor-top-section elementor-element elementor-element-74b3f23 elementor-section-boxed elementor-section-height-default elementor-section-height-default wpr-particle-no wpr-jarallax-no wpr-parallax-no wpr-sticky-section-no\" data-id=\"74b3f23\" data-element_type=\"section\" data-e-type=\"section\">\n\t\t\t\t\t\t<div class=\"elementor-container elementor-column-gap-default\">\n\t\t\t\t\t<div class=\"elementor-column elementor-col-33 elementor-top-column elementor-element elementor-element-e3f3c44\" data-id=\"e3f3c44\" data-element_type=\"column\" data-e-type=\"column\">\n\t\t\t<div class=\"elementor-widget-wrap\">\n\t\t\t\t\t\t\t<\/div>\n\t\t<\/div>\n\t\t\t\t<div class=\"elementor-column elementor-col-33 elementor-top-column elementor-element elementor-element-75f3f93\" data-id=\"75f3f93\" data-element_type=\"column\" data-e-type=\"column\">\n\t\t\t<div class=\"elementor-widget-wrap elementor-element-populated\">\n\t\t\t\t\t\t<div class=\"elementor-element elementor-element-803dbe3 elementor-widget elementor-widget-text-editor\" data-id=\"803dbe3\" data-element_type=\"widget\" data-e-type=\"widget\" data-widget_type=\"text-editor.default\">\n\t\t\t\t<div class=\"elementor-widget-container\">\n\t\t\t\t\t\t\t\t\t<p>Um Ihnen vertrauliche Beratung und Psychotherapie in meiner Praxis anbieten zu k\u00f6nnen, ist es erforderlich, Ihre Daten zu speichern und zu verarbeiten. Alle Informationen, die Sie mir zur Verf\u00fcgung stellen, werden streng vertraulich behandelt, und ich dokumentiere meine T\u00e4tigkeit.<\/p><p>\u00a0<\/p><p>Die zu verarbeitenden Daten k\u00f6nnen folgende Informationen enthalten:<\/p><p>\u00a0<\/p><p>&#8211; Daten der Eltern\/Obsorgeberechtigten\/Erwachsene: Vorname, Nachname, Adresse, E-Mail-Adresse, Telefonnummer, Geburtsdatum.<\/p><p>\u00a0<\/p><p>&#8211; Daten der Kinder: Vorname, Nachname, Geburtsdatum, Adresse, Telefonnummer, Obsorgeberechtigte(r), Zugangsproblem, tats\u00e4chlich bearbeitetes Problem.<\/p><p>\u00a0<\/p><p>&#8211; Daten zur Betreuung: Datum der Aktenanlage, Fallnummer, Kontaktaufnahme-Namen, Grund der Kontaktaufnahme, Datum des Erstgespr\u00e4chs, Datum des Betreuungsbeginns und Datum des Aktenabschlusses.<\/p><p>\u00a0<\/p><p>&#8211; Bei Bedarf Beteiligtes Helfersystem: Name, Telefonnummer, Bezeichnung, Einrichtung\/Institution, Zugangsproblem, Kooperationsvereinbarung. Bei Psychotherapie: Sozialversicherungsnummer, Diagnose, \u00dcberweisungsschein.<\/p><p>\u00a0<\/p><p>Datenschutzgrundverordnung DSGVO:<\/p><p>\u00a0<\/p><p>Der Schutz und die Sicherheit Ihrer pers\u00f6nlichen Daten sind mir besonders wichtig. Diese Webseite speichert und verarbeitet daher Daten ausschlie\u00dflich gem\u00e4\u00df den Bestimmungen der \u00f6sterreichischen und europ\u00e4ischen Datenschutzgrundverordnung (DSGVO).<\/p><p>\u00a0<\/p><p>Diese Datenschutzerkl\u00e4rung gilt nur f\u00fcr diese Webseite. Wenn Sie \u00fcber Links auf meinen Seiten auf andere Seiten weitergeleitet werden, informieren Sie sich bitte direkt auf der weitergeleiteten Webseite \u00fcber den Umgang mit Ihren Daten dort. Ihre personenbezogenen Daten (z.B. Anrede, Name, Anschrift, E-Mail-Adresse, Telefonnummer, etc.) werden von mir nur gem\u00e4\u00df den Bestimmungen des \u00f6sterreichischen Datenschutzrechts verarbeitet. Die folgenden Vorschriften informieren Sie \u00fcber Art, Umfang und Zweck der Erhebung, Verarbeitung und Nutzung personenbezogener Daten.<\/p><p>\u00a0<\/p><p>Ich m\u00f6chte darauf hinweisen, dass die Daten\u00fcbertragung im Internet (z.B. bei der Kommunikation per E-Mail oder \u00fcber nicht verschl\u00fcsselte Webseiten) Sicherheitsl\u00fccken aufweisen kann. Ein vollst\u00e4ndiger Schutz der Daten vor dem Zugriff durch Dritte ist nicht m\u00f6glich.<\/p><p>\u00a0<\/p><p>Die von Ihnen eingegebenen Daten werden ausschlie\u00dflich f\u00fcr die Kontaktaufnahme meinerseits mit Ihnen verwendet. Eine Weitergabe der Daten an Dritte erfolgt nicht. Die Daten werden gel\u00f6scht, sobald der jeweilige Vertrag erf\u00fcllt ist und keine gesetzliche Pflicht mehr besteht, die Daten zu speichern.<\/p><p>\u00a0<\/p><p>Links:<\/p><p>\u00a0<\/p><p>Ich \u00fcberpr\u00fcfe sorgf\u00e4ltig die Links, die meine Webseite verlassen. Dennoch \u00fcbernehme ich keinerlei Verantwortung oder Haftung f\u00fcr Inhalte auf Seiten, auf die von dieser Webseite oder von einem anderen Internetauftritt aus gelinkt wird.<\/p><p>\u00a0<\/p><p>Server-Log-Files:<\/p><p>\u00a0<\/p><p>Der Provider der Seiten erhebt und speichert automatisch Informationen in so genannten Server-Log-Files, die Ihr Browser automatisch an uns \u00fcbermittelt. Diese Informationen umfassen den Browsertyp, die Browserversion, das verwendete Betriebssystem, die Referrer-URL, den Hostnamen des zugreifenden Rechners, die Uhrzeit der Serveranfrage und die IP-Adresse. Diese Daten sind nicht bestimmten Personen zuordenbar, und eine Zusammenf\u00fchrung mit anderen Datenquellen wird nicht vorgenommen. Ich behalte mir jedoch vor, diese Daten nachtr\u00e4glich zu pr\u00fcfen, wenn mir konkrete Anhaltspunkte f\u00fcr eine rechtswidrige Nutzung bekannt werden.<\/p><p>\u00a0<\/p><p>Auskunft:<\/p><p>\u00a0<\/p><p>Gem\u00e4\u00df der EU-Datenschutzgrundverordnung haben Sie das Recht auf unentgeltliche Auskunft \u00fcber Ihre gespeicherten Daten sowie gegebenenfalls das Recht auf Berichtigung, Sperrung oder L\u00f6schung dieser Daten. F\u00fcr Fragen k\u00f6nnen Sie sich gerne \u00fcber die im Impressum angegebene E-Mail-Adresse an mich wenden.<\/p><p>\u00a0<\/p><p>Quelle:<\/p><p><span style=\"color: var( --e-global-color-text ); font-family: var( --e-global-typography-text-font-family ), Lato; font-size: var(--global--font-size-base);\">\u00d6AGP<\/span><\/p><p><span style=\"color: var( --e-global-color-text ); font-family: var( --e-global-typography-text-font-family ), Lato; font-size: var(--global--font-size-base);\">\u00d6BVP<\/span><\/p><p>\u00a0<\/p>\t\t\t\t\t\t\t\t<\/div>\n\t\t\t\t<\/div>\n\t\t\t\t\t<\/div>\n\t\t<\/div>\n\t\t\t\t<div class=\"elementor-column elementor-col-33 elementor-top-column elementor-element elementor-element-70ce0a1\" data-id=\"70ce0a1\" data-element_type=\"column\" data-e-type=\"column\">\n\t\t\t<div class=\"elementor-widget-wrap\">\n\t\t\t\t\t\t\t<\/div>\n\t\t<\/div>\n\t\t\t\t\t<\/div>\n\t\t<\/section>\n\t\t\t\t<\/div>\n\t\t","protected":false},"excerpt":{"rendered":"<p>Dokumentation und Datenschutzerkl\u00e4rung Dokumentation und Datenschutzerkl\u00e4rung Um Ihnen vertrauliche Beratung und Psychotherapie in meiner Praxis anbieten zu k\u00f6nnen, ist es erforderlich, Ihre Daten zu speichern und zu verarbeiten. Alle Informationen, die Sie mir zur Verf\u00fcgung stellen, werden streng vertraulich behandelt, und ich dokumentiere meine T\u00e4tigkeit. \u00a0 Die zu verarbeitenden Daten k\u00f6nnen folgende Informationen enthalten: \u00a0 &#8211; Daten der Eltern\/Obsorgeberechtigten\/Erwachsene: Vorname, Nachname, Adresse, E-Mail-Adresse, Telefonnummer, Geburtsdatum. \u00a0 &#8211; Daten der Kinder: Vorname, Nachname, Geburtsdatum, Adresse, Telefonnummer, Obsorgeberechtigte(r), Zugangsproblem, tats\u00e4chlich bearbeitetes Problem. \u00a0 &#8211; Daten zur Betreuung: Datum der Aktenanlage, Fallnummer, Kontaktaufnahme-Namen, Grund der Kontaktaufnahme, Datum des Erstgespr\u00e4chs, Datum des Betreuungsbeginns und Datum des Aktenabschlusses. \u00a0 &#8211; Bei Bedarf Beteiligtes Helfersystem: Name, Telefonnummer, Bezeichnung, Einrichtung\/Institution, Zugangsproblem, Kooperationsvereinbarung. Bei Psychotherapie: Sozialversicherungsnummer, Diagnose, \u00dcberweisungsschein. \u00a0 Datenschutzgrundverordnung DSGVO: \u00a0 Der Schutz und die Sicherheit Ihrer pers\u00f6nlichen Daten sind mir besonders wichtig. Diese Webseite speichert und verarbeitet daher Daten ausschlie\u00dflich gem\u00e4\u00df den Bestimmungen der \u00f6sterreichischen und europ\u00e4ischen Datenschutzgrundverordnung (DSGVO). \u00a0 Diese Datenschutzerkl\u00e4rung gilt nur f\u00fcr diese Webseite. Wenn Sie \u00fcber Links auf meinen Seiten auf andere Seiten weitergeleitet werden, informieren Sie sich bitte direkt auf der weitergeleiteten Webseite \u00fcber den Umgang mit Ihren Daten dort. Ihre personenbezogenen Daten (z.B. Anrede, Name, Anschrift, E-Mail-Adresse, Telefonnummer, etc.) werden von mir nur gem\u00e4\u00df den Bestimmungen des \u00f6sterreichischen Datenschutzrechts verarbeitet. Die folgenden Vorschriften informieren Sie \u00fcber Art, Umfang und Zweck der Erhebung, Verarbeitung und Nutzung personenbezogener Daten. \u00a0 Ich m\u00f6chte darauf hinweisen, dass die Daten\u00fcbertragung im Internet (z.B. bei der Kommunikation per E-Mail oder \u00fcber nicht verschl\u00fcsselte Webseiten) Sicherheitsl\u00fccken aufweisen kann. Ein vollst\u00e4ndiger Schutz der Daten vor dem Zugriff durch Dritte ist nicht m\u00f6glich. \u00a0 Die von Ihnen eingegebenen Daten werden ausschlie\u00dflich f\u00fcr die Kontaktaufnahme meinerseits mit Ihnen verwendet. Eine Weitergabe der Daten an Dritte erfolgt nicht. Die Daten werden gel\u00f6scht, sobald der jeweilige Vertrag erf\u00fcllt ist und keine gesetzliche Pflicht mehr besteht, die Daten zu speichern. \u00a0 Links: \u00a0 Ich \u00fcberpr\u00fcfe sorgf\u00e4ltig die Links, die meine Webseite verlassen. Dennoch \u00fcbernehme ich keinerlei Verantwortung oder Haftung f\u00fcr Inhalte auf Seiten, auf die von dieser Webseite oder von einem anderen Internetauftritt aus gelinkt wird. \u00a0 Server-Log-Files: \u00a0 Der Provider der Seiten erhebt und speichert automatisch Informationen in so genannten Server-Log-Files, die Ihr Browser automatisch an uns \u00fcbermittelt. Diese Informationen umfassen den Browsertyp, die Browserversion, das verwendete Betriebssystem, die Referrer-URL, den Hostnamen des zugreifenden Rechners, die Uhrzeit der Serveranfrage und die IP-Adresse. Diese Daten sind nicht bestimmten Personen zuordenbar, und eine Zusammenf\u00fchrung mit anderen Datenquellen wird nicht vorgenommen. Ich behalte mir jedoch vor, diese Daten nachtr\u00e4glich zu pr\u00fcfen, wenn mir konkrete Anhaltspunkte f\u00fcr eine rechtswidrige Nutzung bekannt werden. \u00a0 Auskunft: \u00a0 Gem\u00e4\u00df der EU-Datenschutzgrundverordnung haben Sie das Recht auf unentgeltliche Auskunft \u00fcber Ihre gespeicherten Daten sowie gegebenenfalls das Recht auf Berichtigung, Sperrung oder L\u00f6schung dieser Daten. F\u00fcr Fragen k\u00f6nnen Sie sich gerne \u00fcber die im Impressum angegebene E-Mail-Adresse an mich wenden. \u00a0 Quelle: \u00d6AGP \u00d6BVP \u00a0<\/p>\n","protected":false},"author":1,"featured_media":0,"parent":0,"menu_order":0,"comment_status":"closed","ping_status":"closed","template":"","meta":{"footnotes":""},"class_list":["post-146","page","type-page","status-publish","hentry","entry"],"_links":{"self":[{"href":"http:\/\/www.psychotherapie-strobl.at\/index.php?rest_route=\/wp\/v2\/pages\/146","targetHints":{"allow":["GET"]}}],"collection":[{"href":"http:\/\/www.psychotherapie-strobl.at\/index.php?rest_route=\/wp\/v2\/pages"}],"about":[{"href":"http:\/\/www.psychotherapie-strobl.at\/index.php?rest_route=\/wp\/v2\/types\/page"}],"author":[{"embeddable":true,"href":"http:\/\/www.psychotherapie-strobl.at\/index.php?rest_route=\/wp\/v2\/users\/1"}],"replies":[{"embeddable":true,"href":"http:\/\/www.psychotherapie-strobl.at\/index.php?rest_route=%2Fwp%2Fv2%2Fcomments&post=146"}],"version-history":[{"count":22,"href":"http:\/\/www.psychotherapie-strobl.at\/index.php?rest_route=\/wp\/v2\/pages\/146\/revisions"}],"predecessor-version":[{"id":2084,"href":"http:\/\/www.psychotherapie-strobl.at\/index.php?rest_route=\/wp\/v2\/pages\/146\/revisions\/2084"}],"wp:attachment":[{"href":"http:\/\/www.psychotherapie-strobl.at\/index.php?rest_route=%2Fwp%2Fv2%2Fmedia&parent=146"}],"curies":[{"name":"wp","href":"https:\/\/api.w.org\/{rel}","templated":true}]}}